{"id":2189,"date":"2021-03-10T10:01:44","date_gmt":"2021-03-10T09:01:44","guid":{"rendered":"https:\/\/fr.zundj.de1.biz\/der-kuenstler\/bibliografie\/"},"modified":"2023-12-30T10:13:21","modified_gmt":"2023-12-30T09:13:21","slug":"bibliografie","status":"publish","type":"page","link":"https:\/\/www.frank-roedel.de\/en\/the-artist\/bibliografie\/","title":{"rendered":"BIBLIOGRAPHY"},"content":{"rendered":"<div class=\"hero hero--one\">\n<div class=\"parallax-window\" data-parallax=\"scroll\" data-speed=\"0.2\" data-image-src=\"https:\/\/www.frank-roedel.de\/wp-content\/uploads\/2023\/12\/Banner-3840x600-1-1-1920x500.jpg\">\n        <\/div>\n<\/p><\/div>\n<div class=\"sub-objects-nav\">\n<div class=\"grid-container\">\n<div class=\"grid-x\">\n<div class=\"cell\">\n<ul class=\"list list--one\">\n<li><a href=\"https:\/\/www.frank-roedel.de\/en\/the-artist\/about-me\/\">ABOUT ME<\/a><\/li>\n<li><a href=\"https:\/\/www.frank-roedel.de\/en\/the-artist\/vita\/\">VITAE<\/a><\/li>\n<li><a href=\"https:\/\/www.frank-roedel.de\/en\/the-artist\/zeitreise\/\">TIME TRAVEL<\/a><\/li>\n<li><a href=\"https:\/\/www.frank-roedel.de\/en\/the-artist\/publikationen\/\">PUBLICATIONS<\/a><\/li>\n<li><a href=\"https:\/\/www.frank-roedel.de\/en\/the-artist\/einzelausstellungen\/\">INDIVIDUAL EXHIBITIONS<\/a><\/li>\n<li><a href=\"https:\/\/www.frank-roedel.de\/en\/the-artist\/gruppenausstellungen\/\">GROUP EXHIBITIONS<\/a><\/li>\n<li class=\"active-list-item\"><a href=\"https:\/\/www.frank-roedel.de\/en\/the-artist\/bibliografie\/\">BIBLIOGRAPHY<\/a><\/li>\n<li><a href=\"https:\/\/www.frank-roedel.de\/en\/the-artist\/oeffentliche-sammlungen\/\">PUBLIC COLLECTIONS<\/a><\/li>\n<\/ul><\/div>\n<\/p><\/div>\n<\/p><\/div>\n<\/p><\/div>\n<section id=\"\" class=\"section section--one\">\n<div class=\"section-container pt-default pb-default\">\n<div class=\"max-container\">\n<div class=\"grid-container\">\n<div class=\"grid-x grid-margin-x align-center\">\n<div class=\"cell medium-10\">\n<h2 class=\"hl hl--two hl--left hl--special mb--2\">\n                        BIBLIOGRAPHY (SELECTION)<br \/>\n                    <\/h2>\n<\/p><\/div>\n<\/p><\/div>\n<\/p><\/div>\n<\/p><\/div>\n<div class=\"max-container\">\n<div class=\"grid-container border-container bb--0    py--8\">\n<div class=\"grid-x align-center text-left\">\n<div class=\"cell medium-10\">\n<div class=\"grid-x\">\n<div class=\"cell medium-12 large-10\">\n<div class=\"toggle-text\">\n<div id=\"ajax_main_container\">\n<div id=\"vitatext\" class=\"\">\n<p>Harald Haase: &#8220;Bildende Kunst&#8221; zwischen Klappbett und Maleratelier, in: Schleswig-Holsteinische Landeszeitung 04.09.1987<\/p>\n<p>Frank R\u00f6del. Synagoga. \u00d6lbilder, Collagen 1987 \/ 88. Ausstellungskatalog Berlin 1988 (mit einer Einf\u00fchrung von Curt Gr\u00fctzmacher)<\/p>\n<p>Renate Franke: Von Synagogen und siebenarmigen Leuchtern, in: Tagesspiegel Berlin 18.12.1988<\/p>\n<p>Frank R\u00f6del. Arbeiten 1987-1988. Hg. vom Berlin Excelsior Hotel. Berlin 1989<\/p>\n<p>Renate Franke: Erinnerungen beschw\u00f6ren. Frank R\u00f6dels Zyklus &#8220;Synagoga&#8221;, in: Tagesspiegel Berlin 12.03.1990<\/p>\n<p>Ein Berliner in Jerusalem, in: Israel Nachrichten 18.05.1990<\/p>\n<p>Peter Liebers: Gespr\u00e4ch mit dem Maler Frank R\u00f6del, 30 Min. , Deutschlandsender Kultur 21.05.1991<\/p>\n<p>Alfred Schrader: Frank, der Maler oder fortdauerndes Gespr\u00e4ch. Feature, 45 Min., Mitteldeutscher Rundfunk, Leipzig 05.06.1991<\/p>\n<p>Begegnungen mit der Kunst. Der Maler Frank R\u00f6del. Dokumentation, 44 Min., Landesbildstelle Berlin \/ Zentrum f\u00fcr audiovisuelle Medien 1991<\/p>\n<p>Masada &#8211; der j\u00fcdische Krieg. Ein Bilderzyklus Frank R\u00f6dels in der Zitadelle Spandau, in: Frankfurter Rundschau 24.08.1992<\/p>\n<p>Gespr\u00e4ch mit Frank R\u00f6del, in: Thomas Kornbichler (Hg.): Unter Deutschen. Innenwelten &#8211; Au\u00dfenwelten. Berlin 1992, S. 74-90<\/p>\n<p>Frank R\u00f6del. \u00d6lbilder, Pastelle, Zeichnungen, Katalog zur Ausstellung der GSW-Brandenburg im<br \/>\nRahmen der Stadterneuerung in der Heidrichschen M\u00fchle in Brandenburg vom 23. April bis zum 23. Mai 1993. Brandenburg 1993<\/p>\n<p>Frank R\u00f6del. Landschaft &#8211; Stadtlandschaft. Eine Ausstellung des Kunstamtes Spandau im Foyer der Zitadelle. Berlin 1993, o.S.<\/p>\n<p>Francisco Javier San Martin: Rapid Eye Mouvement, in Rapid Eye Mouvement. Berlin Donostia Bilbo elkaraldatzea argibidetzen duen erakusketa. Bilbao 1993, S. 16-17<\/p>\n<p>S.Z. Gest\u00fcrzte Idole neben Berliner Impressionen, in: Die Welt 11.11.1993<\/p>\n<p>Frank R\u00f6del. Masada, Hahnenk\u00e4mpfe und Land-schaften, in: Medizin und Kunst 5 (1993), 4, S. 15-18<\/p>\n<p>Jochen Altmann: Abgesto\u00dfen &#8211; Angezogen oder ist im Dagegensein der Sinn? Feature, 55 Min., Deutschlandsender Kultur 20.12.1993<\/p>\n<p>Franz E. Schilke: Frank R\u00f6del, in: Malerei Heute. M\u00fcnchen 1994, S. 52-54<\/p>\n<p>Begegnungen. K\u00fcnstler aus Sachsen und Israel. Katalog zur Ausstellung im Dresdner Zentrum f\u00fcr zeitgen\u00f6ssische Musik. Dresden 1994<\/p>\n<p>Frank R\u00f6del, Gem\u00e4lde, Zeichnungen, Collagen,<br \/>\nAndrea El Danasouri und Birgit K\u00fcmmel im Katalog zur Ausstellung sechs hessischer und th\u00fcringischer Museen, Kassel, Erfurt, Arolsen, 1994<\/p>\n<p>Jahrbuch des Schleswig-Holsteinischen Landesmuseums Schlo\u00df Gottorf, Neue Folge, Band IV, 1992-1993, S, 329, Neum\u00fcnster 1994<br \/>\n&#8220;Contrapostum&#8221; K\u00fcnstler aus Aspen\/Colorado und Berlin, Katalog zur Ausstellung des Aspen Institute in der Oberen Galerie &#8211; Haus am L\u00fctzowplatz<br \/>\n04.-30. September 1995, Berlin 1995<\/p>\n<p>&#8220;Schlo\u00df Charlottenburg &#8211; ein Musensitz ?&#8221; Zum 300 -j\u00e4hrigen Bestehen von Schlo\u00df Charlottenburg, Katalog zur Ausstellung in der Kleinen Orangerie, 18. Juni &#8211; 24. September 1995, Berlin 1995<\/p>\n<p>&#8220;Potsdamer Platz&#8221; Katalog zur Ausstellung des Vereins Berliner K\u00fcnstler in der ehemaligen Kunsthalle Berlin, 21. Mai 1995 &#8211; 18. Juni 1995, Berlin 1995<br \/>\nTatorte &#8211; K\u00fcnstlerische Suche nach Berlins Mitte, Katalog zur Ausstellung des Vereins Berliner K\u00fcnstler in der ehemaligen Kunsthalle Berlin 04. Mai bis 15.Juni 1997, Berlin,<\/p>\n<p>Wilhelm Gauger: Frank R\u00f6del, Malerei, Collagen, Gemalte Collagen, Katalog zur Ausstellung in der BHF-Bank Berlin, Berlin 1997<\/p>\n<p>Gabriela Walde: Der Gro\u00dfst\u00e4dter als Hamster im Rad, in: Die Welt, Berlin 03. Juli 1997<\/p>\n<p>Frank R\u00f6del, &#8220;Masada &#8211; Berlin&#8221;, Katalog zur Ausstellung im Abgeordnetenhaus Berlin vom 11. September bis 13. Oktober 1997<br \/>\n\u201eContrapostum &#8211; Gegens\u00e4tzliches aus f\u00fcnf Jahren\u201d<br \/>\nKatalog zur Ausstellungsreihe, Weimar 1999, im Rahmen des Programmes Kulturstadt Europas<\/p>\n<p>\u201eFrank R\u00f6del\u201d in Medizin und Kunst 4 (2000) S. 22 &#8211; 24, M\u00fcnchen 2000<\/p>\n<p>Sammlung Stiftung Burg Kniphausen, \u201dZwischenbilanz 1991-1999\u201d, S. 100 &#8211; 103, Wilhelmshaven 2000<\/p>\n<p>Dr. Gerald Felber; Frank R\u00f6del, Berlin &#8211; New York, Katalog zur Ausstellung in der BHF-Bank Berlin und Hamburg, Berlin 2001<\/p>\n<p>Eva und Klaus Herlitz \u201dBuddy B\u00e4r Berlin Show\u201d, S. 13, 22, 40, 46, 114, Neptun Verlag, 2001<\/p>\n<p>FARBE &#8211; FORM &#8211; ZEICHEN, Sammlung Piepenbrock, Schleswig-Holsteinische Landesmuseen, Schlo\u00df Gottorf, S. 154 &#8211; 155, Edition Bruns, 2002<\/p>\n<p>Frank R\u00f6del &#8220;Prinzip Collage&#8221; Buch zu den Ausstellungsreihen durch Deutschland, die USA und Thailand, herausgegeben von der Checkpoint Charly Stiftung und der ING-BHF BANK Berlin und Frankfurt 2002<\/p>\n<p>P. Ring und W. Watter in &#8220;Vision Berlin&#8221; Seiten 39 &#8211; 54, Regio Verlag, Berlin 2002<\/p>\n<p>Marion Vogt in der &#8220;Chiangmai Mail&#8221;, Vol.2 No.38, Chiang Mai 20. September 2003<\/p>\n<p>Tatpachuen Thaiprasithiporn in &#8220;The Nation&#8221;, &#8220;Breaking loose&#8221;, Bangkok 10. Oktober 2003<\/p>\n<p>\u201eDIE KUNST IM BUNDESKANZLERAMT \/ ART IN THE FEDERAL CHANCELLERY\u201c, 2005, DuMont Literatur und Kunst Verlag K\u00f6ln<\/p>\n<p>FRANK R\u00d6DEL,\u201cLANDSCHAFTEN \/ LANDSCAPES 1985-2005\u201c, Nicolaische Verlagsbuchhandlung GmbH, Berlin 2005<\/p>\n<p>full-page article in the \u201cFAZ\u201d about my work, which was published on<br \/>\nSaturday February 4th, 2023.<\/p>\n<p><em>WIRD NOCH VERVOLLST\u00c4NDIGT !<\/em><\/p>\n<\/div>\n<\/div>\n<div id=\"scrollbar1\"><\/div>\n<\/p><\/div>\n<\/p><\/div>\n<\/p><\/div>\n<\/p><\/div>\n<\/p><\/div>\n<\/p><\/div>\n<\/p><\/div>\n<\/p><\/div>\n<\/section>\n","protected":false},"excerpt":{"rendered":"<p>ABOUT ME VITAE TIME TRAVEL PUBLICATIONS INDIVIDUAL EXHIBITIONS GROUP EXHIBITIONS BIBLIOGRAPHY PUBLIC COLLECTIONS BIBLIOGRAPHY (SELECTION) Harald Haase: &#8220;Bildende Kunst&#8221; zwischen Klappbett und Maleratelier, in: Schleswig-Holsteinische Landeszeitung 04.09.1987 Frank R\u00f6del. Synagoga. \u00d6lbilder, Collagen 1987 \/ 88. Ausstellungskatalog Berlin 1988 (mit einer Einf\u00fchrung von Curt Gr\u00fctzmacher) Renate Franke: Von Synagogen und siebenarmigen Leuchtern, in: Tagesspiegel Berlin 18.12.1988 [&hellip;]<\/p>\n","protected":false},"author":1,"featured_media":0,"parent":2178,"menu_order":6,"comment_status":"closed","ping_status":"closed","template":"","meta":[],"class_list":["post-2189","page","type-page","status-publish","hentry"],"yoast_head":"<!-- This site is optimized with the Yoast SEO plugin v27.5 - https:\/\/yoast.com\/product\/yoast-seo-wordpress\/ -->\n<title>BIBLIOGRAPHY - Frank R\u00f6del<\/title>\n<meta name=\"robots\" content=\"index, follow, max-snippet:-1, max-image-preview:large, max-video-preview:-1\" \/>\n<link rel=\"canonical\" href=\"https:\/\/www.frank-roedel.de\/en\/the-artist\/bibliografie\/\" \/>\n<meta property=\"og:locale\" content=\"en_US\" \/>\n<meta property=\"og:type\" content=\"article\" \/>\n<meta property=\"og:title\" content=\"BIBLIOGRAPHY - Frank R\u00f6del\" \/>\n<meta property=\"og:description\" content=\"ABOUT ME VITAE TIME TRAVEL PUBLICATIONS INDIVIDUAL EXHIBITIONS GROUP EXHIBITIONS BIBLIOGRAPHY PUBLIC COLLECTIONS BIBLIOGRAPHY (SELECTION) Harald Haase: &#8220;Bildende Kunst&#8221; zwischen Klappbett und Maleratelier, in: Schleswig-Holsteinische Landeszeitung 04.09.1987 Frank R\u00f6del. Synagoga. \u00d6lbilder, Collagen 1987 \/ 88. Ausstellungskatalog Berlin 1988 (mit einer Einf\u00fchrung von Curt Gr\u00fctzmacher) Renate Franke: Von Synagogen und siebenarmigen Leuchtern, in: Tagesspiegel Berlin 18.12.1988 [&hellip;]\" \/>\n<meta property=\"og:url\" content=\"https:\/\/www.frank-roedel.de\/en\/the-artist\/bibliografie\/\" \/>\n<meta property=\"og:site_name\" content=\"Frank R\u00f6del\" \/>\n<meta property=\"article:modified_time\" content=\"2023-12-30T09:13:21+00:00\" \/>\n<meta name=\"twitter:card\" content=\"summary_large_image\" \/>\n<meta name=\"twitter:label1\" content=\"Est. reading time\" \/>\n\t<meta name=\"twitter:data1\" content=\"3 minutes\" \/>\n<script type=\"application\/ld+json\" class=\"yoast-schema-graph\">{\"@context\":\"https:\\\/\\\/schema.org\",\"@graph\":[{\"@type\":\"WebPage\",\"@id\":\"https:\\\/\\\/www.frank-roedel.de\\\/en\\\/the-artist\\\/bibliografie\\\/\",\"url\":\"https:\\\/\\\/www.frank-roedel.de\\\/en\\\/the-artist\\\/bibliografie\\\/\",\"name\":\"BIBLIOGRAPHY - Frank R\u00f6del\",\"isPartOf\":{\"@id\":\"https:\\\/\\\/www.frank-roedel.de\\\/en\\\/#website\"},\"datePublished\":\"2021-03-10T09:01:44+00:00\",\"dateModified\":\"2023-12-30T09:13:21+00:00\",\"breadcrumb\":{\"@id\":\"https:\\\/\\\/www.frank-roedel.de\\\/en\\\/the-artist\\\/bibliografie\\\/#breadcrumb\"},\"inLanguage\":\"en-US\",\"potentialAction\":[{\"@type\":\"ReadAction\",\"target\":[\"https:\\\/\\\/www.frank-roedel.de\\\/en\\\/the-artist\\\/bibliografie\\\/\"]}]},{\"@type\":\"BreadcrumbList\",\"@id\":\"https:\\\/\\\/www.frank-roedel.de\\\/en\\\/the-artist\\\/bibliografie\\\/#breadcrumb\",\"itemListElement\":[{\"@type\":\"ListItem\",\"position\":1,\"name\":\"Startseite\",\"item\":\"https:\\\/\\\/www.frank-roedel.de\\\/en\\\/\"},{\"@type\":\"ListItem\",\"position\":2,\"name\":\"THE ARTIST\",\"item\":\"https:\\\/\\\/www.frank-roedel.de\\\/en\\\/the-artist\\\/\"},{\"@type\":\"ListItem\",\"position\":3,\"name\":\"BIBLIOGRAPHY\"}]},{\"@type\":\"WebSite\",\"@id\":\"https:\\\/\\\/www.frank-roedel.de\\\/en\\\/#website\",\"url\":\"https:\\\/\\\/www.frank-roedel.de\\\/en\\\/\",\"name\":\"Frank R\u00f6del\",\"description\":\"\",\"potentialAction\":[{\"@type\":\"SearchAction\",\"target\":{\"@type\":\"EntryPoint\",\"urlTemplate\":\"https:\\\/\\\/www.frank-roedel.de\\\/en\\\/?s={search_term_string}\"},\"query-input\":{\"@type\":\"PropertyValueSpecification\",\"valueRequired\":true,\"valueName\":\"search_term_string\"}}],\"inLanguage\":\"en-US\"}]}<\/script>\n<!-- \/ Yoast SEO plugin. -->","yoast_head_json":{"title":"BIBLIOGRAPHY - Frank R\u00f6del","robots":{"index":"index","follow":"follow","max-snippet":"max-snippet:-1","max-image-preview":"max-image-preview:large","max-video-preview":"max-video-preview:-1"},"canonical":"https:\/\/www.frank-roedel.de\/en\/the-artist\/bibliografie\/","og_locale":"en_US","og_type":"article","og_title":"BIBLIOGRAPHY - Frank R\u00f6del","og_description":"ABOUT ME VITAE TIME TRAVEL PUBLICATIONS INDIVIDUAL EXHIBITIONS GROUP EXHIBITIONS BIBLIOGRAPHY PUBLIC COLLECTIONS BIBLIOGRAPHY (SELECTION) Harald Haase: &#8220;Bildende Kunst&#8221; zwischen Klappbett und Maleratelier, in: Schleswig-Holsteinische Landeszeitung 04.09.1987 Frank R\u00f6del. Synagoga. \u00d6lbilder, Collagen 1987 \/ 88. Ausstellungskatalog Berlin 1988 (mit einer Einf\u00fchrung von Curt Gr\u00fctzmacher) Renate Franke: Von Synagogen und siebenarmigen Leuchtern, in: Tagesspiegel Berlin 18.12.1988 [&hellip;]","og_url":"https:\/\/www.frank-roedel.de\/en\/the-artist\/bibliografie\/","og_site_name":"Frank R\u00f6del","article_modified_time":"2023-12-30T09:13:21+00:00","twitter_card":"summary_large_image","twitter_misc":{"Est. reading time":"3 minutes"},"schema":{"@context":"https:\/\/schema.org","@graph":[{"@type":"WebPage","@id":"https:\/\/www.frank-roedel.de\/en\/the-artist\/bibliografie\/","url":"https:\/\/www.frank-roedel.de\/en\/the-artist\/bibliografie\/","name":"BIBLIOGRAPHY - Frank R\u00f6del","isPartOf":{"@id":"https:\/\/www.frank-roedel.de\/en\/#website"},"datePublished":"2021-03-10T09:01:44+00:00","dateModified":"2023-12-30T09:13:21+00:00","breadcrumb":{"@id":"https:\/\/www.frank-roedel.de\/en\/the-artist\/bibliografie\/#breadcrumb"},"inLanguage":"en-US","potentialAction":[{"@type":"ReadAction","target":["https:\/\/www.frank-roedel.de\/en\/the-artist\/bibliografie\/"]}]},{"@type":"BreadcrumbList","@id":"https:\/\/www.frank-roedel.de\/en\/the-artist\/bibliografie\/#breadcrumb","itemListElement":[{"@type":"ListItem","position":1,"name":"Startseite","item":"https:\/\/www.frank-roedel.de\/en\/"},{"@type":"ListItem","position":2,"name":"THE ARTIST","item":"https:\/\/www.frank-roedel.de\/en\/the-artist\/"},{"@type":"ListItem","position":3,"name":"BIBLIOGRAPHY"}]},{"@type":"WebSite","@id":"https:\/\/www.frank-roedel.de\/en\/#website","url":"https:\/\/www.frank-roedel.de\/en\/","name":"Frank R\u00f6del","description":"","potentialAction":[{"@type":"SearchAction","target":{"@type":"EntryPoint","urlTemplate":"https:\/\/www.frank-roedel.de\/en\/?s={search_term_string}"},"query-input":{"@type":"PropertyValueSpecification","valueRequired":true,"valueName":"search_term_string"}}],"inLanguage":"en-US"}]}},"_links":{"self":[{"href":"https:\/\/www.frank-roedel.de\/en\/wp-json\/wp\/v2\/pages\/2189","targetHints":{"allow":["GET"]}}],"collection":[{"href":"https:\/\/www.frank-roedel.de\/en\/wp-json\/wp\/v2\/pages"}],"about":[{"href":"https:\/\/www.frank-roedel.de\/en\/wp-json\/wp\/v2\/types\/page"}],"author":[{"embeddable":true,"href":"https:\/\/www.frank-roedel.de\/en\/wp-json\/wp\/v2\/users\/1"}],"replies":[{"embeddable":true,"href":"https:\/\/www.frank-roedel.de\/en\/wp-json\/wp\/v2\/comments?post=2189"}],"version-history":[{"count":4,"href":"https:\/\/www.frank-roedel.de\/en\/wp-json\/wp\/v2\/pages\/2189\/revisions"}],"predecessor-version":[{"id":3810,"href":"https:\/\/www.frank-roedel.de\/en\/wp-json\/wp\/v2\/pages\/2189\/revisions\/3810"}],"up":[{"embeddable":true,"href":"https:\/\/www.frank-roedel.de\/en\/wp-json\/wp\/v2\/pages\/2178"}],"wp:attachment":[{"href":"https:\/\/www.frank-roedel.de\/en\/wp-json\/wp\/v2\/media?parent=2189"}],"curies":[{"name":"wp","href":"https:\/\/api.w.org\/{rel}","templated":true}]}}