{"id":2197,"date":"2023-04-08T21:17:38","date_gmt":"2023-04-08T19:17:38","guid":{"rendered":"https:\/\/fr.zundj.de1.biz\/news\/"},"modified":"2026-02-09T06:55:30","modified_gmt":"2026-02-09T05:55:30","slug":"news","status":"publish","type":"page","link":"https:\/\/www.frank-roedel.de\/en\/news\/","title":{"rendered":"NEWS"},"content":{"rendered":"<div class=\"hero hero--one\">\n<div class=\"parallax-window\" data-parallax=\"scroll\" data-speed=\"0.2\" data-image-src=\"https:\/\/www.frank-roedel.de\/wp-content\/uploads\/2023\/12\/Banner-Home-7-scaled-1920x500.jpg\">\n        <\/div>\n<\/p><\/div>\n<section id=\"\" class=\"section section--one\">\n<div class=\"section-container pt-default pb-default\">\n<div class=\"max-container\">\n<div class=\"grid-container\">\n<div class=\"gallery-wrap\">\n<div class=\"grid-x\">\n<div class=\"cell\">\n<div class=\"gallery-header\">\n<h3>The winter exhibition at Galerie WOS in Zurich from November 27, 2025, to February 19, 2026<\/h3>\n<\/p><\/div>\n<\/p><\/div>\n<\/p><\/div>\n<div class=\"grid-x grid-margin-x\">\n<div class=\"cell large-9 medium-12\">\n<div class=\"gallery-images gallery-4-items\" data-gallery=\"gallery_module_2197_13\">\n<div class=\"grid-x grid-margin-x large-up-4 medium-up-4 small-up-3\">\n<div class=\"cell\">\n<div class=\"gallery-image\" data-index=\"0\" data-gallery=\"gallery_module_2197_13\">\n                                        <img decoding=\"async\" src=\"https:\/\/www.frank-roedel.de\/wp-content\/uploads\/2026\/02\/Einladung-verkuerzt-1-300x300.jpg\"><\/p>\n<div class=\"image-icon\"><\/div>\n<\/p><\/div>\n<\/p><\/div>\n<div class=\"cell\">\n<div class=\"gallery-image\" data-index=\"1\" data-gallery=\"gallery_module_2197_13\">\n                                        <img decoding=\"async\" src=\"https:\/\/www.frank-roedel.de\/wp-content\/uploads\/2026\/02\/Bildschirmfoto-2025-12-04-um-15.58.08-Kopie-1-scaled-300x300.jpg\"><\/p>\n<div class=\"image-icon\"><\/div>\n<\/p><\/div>\n<\/p><\/div>\n<div class=\"cell\">\n<div class=\"gallery-image\" data-index=\"2\" data-gallery=\"gallery_module_2197_13\">\n                                        <img decoding=\"async\" src=\"https:\/\/www.frank-roedel.de\/wp-content\/uploads\/2026\/02\/3-1-scaled-300x300.jpg\"><\/p>\n<div class=\"image-icon\"><\/div>\n<\/p><\/div>\n<\/p><\/div>\n<div class=\"cell\">\n<div class=\"gallery-image\" data-index=\"3\" data-gallery=\"gallery_module_2197_13\">\n                                        <img decoding=\"async\" src=\"https:\/\/www.frank-roedel.de\/wp-content\/uploads\/2026\/02\/2-scaled-300x300.jpg\"><\/p>\n<div class=\"image-icon\"><\/div>\n<\/p><\/div>\n<\/p><\/div>\n<div class=\"gallery-footer\">\n<div>\n<p><span lang=\"EN-US\">\u00a0 With great interest and lively discussion at the winter exhibition at Galerie WOS in Zurich (from November<br \/>\n27, 2025, to February 19, 2026), featuring a representative selection of my paintings in the very best<br \/>\ncompany of artists such as Gerhard Richter, Christo, Robert Motherwell, Mark Tobey, Franz Kline, Martin No\u00ebl, Friedrich Feichter, <span style=\"font-size: 8pt\">&#8230;.<\/span>and Antoni T\u00e0pies.<\/span><\/p>\n<\/div><\/div>\n<\/p><\/div>\n<\/p><\/div>\n<\/p><\/div>\n<\/p><\/div>\n<\/p><\/div>\n<\/p><\/div>\n<p>      var gallery_module_2197_13 = [];<br \/>\n            gallery_module_2197_13.push({<br \/>\n        src: &#8216;https:\/\/www.frank-roedel.de\/wp-content\/uploads\/2026\/02\/Einladung-verkuerzt-1-1600&#215;1788.jpg&#8217;,<br \/>\n        w: &#8216;1600&#8217;,<br \/>\n        h: &#8216;1788&#8217;<br \/>\n      });<br \/>\n            gallery_module_2197_13.push({<br \/>\n        src: &#8216;https:\/\/www.frank-roedel.de\/wp-content\/uploads\/2026\/02\/Bildschirmfoto-2025-12-04-um-15.58.08-Kopie-1-scaled-1600&#215;921.jpg&#8217;,<br \/>\n        w: &#8216;1600&#8217;,<br \/>\n        h: &#8216;921&#8217;<br \/>\n      });<br \/>\n            gallery_module_2197_13.push({<br \/>\n        src: &#8216;https:\/\/www.frank-roedel.de\/wp-content\/uploads\/2026\/02\/3-1-scaled-1600&#215;900.jpg&#8217;,<br \/>\n        w: &#8216;1600&#8217;,<br \/>\n        h: &#8216;900&#8217;<br \/>\n      });<br \/>\n            gallery_module_2197_13.push({<br \/>\n        src: &#8216;https:\/\/www.frank-roedel.de\/wp-content\/uploads\/2026\/02\/2-scaled-1600&#215;1200.jpg&#8217;,<br \/>\n        w: &#8216;1600&#8217;,<br \/>\n        h: &#8216;1200&#8217;<br \/>\n      });<\/p><\/div>\n<\/p><\/div>\n<\/section>\n<section id=\"\" class=\"section section--one\">\n<div class=\"section-container pt-default pb-default\">\n<div class=\"grid-container\">\n<div class=\"grid-x\">\n<div class=\"small-12 cell\">\n<h2 class=\"hl hl--two hl--center hl--special\">\n<\/h2><\/div>\n<\/p><\/div>\n<\/p><\/div>\n<div class=\"max-container\">\n<div class=\"grid-container\">\n<div class=\"gallery-wrap\">\n<div class=\"grid-x\">\n<div class=\"cell\">\n<div class=\"gallery-header\">\n<h3>EXHIBITION OCTOBER 11 TO NOVEMBER 22, 2025 IN POTSDAM<\/h3>\n<\/p><\/div>\n<\/p><\/div>\n<\/p><\/div>\n<div class=\"grid-x grid-margin-x\">\n<div class=\"cell large-9 medium-12\">\n<div class=\"gallery-images gallery-3-items\" data-gallery=\"gallery_module_2197_12\">\n<div class=\"grid-x grid-margin-x large-up-4 medium-up-4 small-up-3\">\n<div class=\"cell\">\n<div class=\"gallery-image\" data-index=\"0\" data-gallery=\"gallery_module_2197_12\">\n                                        <img decoding=\"async\" src=\"https:\/\/www.frank-roedel.de\/wp-content\/uploads\/2025\/09\/Promobild_01-300x300.jpg\"><\/p>\n<div class=\"image-icon\"><\/div>\n<\/p><\/div>\n<\/p><\/div>\n<div class=\"cell\">\n<div class=\"gallery-image\" data-index=\"1\" data-gallery=\"gallery_module_2197_12\">\n                                        <img decoding=\"async\" src=\"https:\/\/www.frank-roedel.de\/wp-content\/uploads\/2025\/09\/Gletscherland-12-2025-je-50x50cm-Mischtechnik-auf-Leinwand-2-2-scaled-300x300.jpg\"><\/p>\n<div class=\"image-icon\"><\/div>\n<\/p><\/div>\n<\/p><\/div>\n<div class=\"cell\">\n<div class=\"gallery-image\" data-index=\"2\" data-gallery=\"gallery_module_2197_12\">\n                                        <img decoding=\"async\" src=\"https:\/\/www.frank-roedel.de\/wp-content\/uploads\/2025\/09\/Bilder-2025_-9-klein-2-300x300.jpg\"><\/p>\n<div class=\"image-icon\"><\/div>\n<\/p><\/div>\n<\/p><\/div>\n<div class=\"gallery-footer\">\n<p>Dear friends and art lovers, I would like to draw your<br \/>\nattention to the following two dates in October 2025.<br \/>\nWith warm regards<br \/>\nFrank R\u00f6del<\/p>\n<p style=\"text-align: center\"><span style=\"color: #000000\">FRANK R\u00d6DEL<\/span><br \/>\n<span style=\"color: #000000\">-THINKING IN TIMELESSNESS-<\/span><\/p>\n<p style=\"text-align: center\">EXHIBITION <b>11 OCTOBER TO 22 NOVEMBER 2025<br \/>\n<\/b>Exhibition opening on <b>Saturday, October 11 at 5 p.m.<br \/>\n<\/b><br \/>\nLecture by Frank R\u00f6del on <b>Thursday, October 23 at 7 p.m.<br \/>\n<\/b>\u201cFrom drone photography in Iceland to the creation of paintings in the studio\u201d<\/p>\n<p style=\"text-align: center\"><span style=\"font-size: 10pt;color: #0000ff\">The address is not the gallery&#8217;s main address,<\/span><br \/>\n<span style=\"font-size: 10pt;color: #0000ff\">but that of &#8220;LAB&#8221;, the gallery&#8217;s second location, with the address below:<\/span><\/p>\n<p style=\"text-align: center\">B\u00c4CKERSTRASSE 3 l 14467 POTSDAM I GERMANY \u00a0+49 (0)160 99 49 78<br \/>\n<a href=\"http:\/\/www.galerie-schindler.de\/\"><b>www.galerie-schindler.de<\/b><\/a><b> galerieschindler galerieschindlerpotsdam<br \/>\n<\/b><\/p>\n<\/p><\/div>\n<\/p><\/div>\n<\/p><\/div>\n<\/p><\/div>\n<\/p><\/div>\n<\/p><\/div>\n<\/p><\/div>\n<p>      var gallery_module_2197_12 = [];<br \/>\n            gallery_module_2197_12.push({<br \/>\n        src: &#8216;https:\/\/www.frank-roedel.de\/wp-content\/uploads\/2025\/09\/Promobild_01-1600&#215;1600.jpg&#8217;,<br \/>\n        w: &#8216;1600&#8217;,<br \/>\n        h: &#8216;1600&#8217;<br \/>\n      });<br \/>\n            gallery_module_2197_12.push({<br \/>\n        src: &#8216;https:\/\/www.frank-roedel.de\/wp-content\/uploads\/2025\/09\/Gletscherland-12-2025-je-50x50cm-Mischtechnik-auf-Leinwand-2-2-scaled-1600&#215;824.jpg&#8217;,<br \/>\n        w: &#8216;1600&#8217;,<br \/>\n        h: &#8216;824&#8217;<br \/>\n      });<br \/>\n            gallery_module_2197_12.push({<br \/>\n        src: &#8216;https:\/\/www.frank-roedel.de\/wp-content\/uploads\/2025\/09\/Bilder-2025_-9-klein-2-1600&#215;1220.jpg&#8217;,<br \/>\n        w: &#8216;1600&#8217;,<br \/>\n        h: &#8216;1220&#8217;<br \/>\n      });<\/p><\/div>\n<\/p><\/div>\n<\/section>\n<section id=\"\" class=\"section section--one\">\n<div class=\"section-container pt-default pb-default\">\n<div class=\"max-container\">\n<div class=\"grid-container\">\n<div class=\"gallery-wrap\">\n<div class=\"grid-x\">\n<div class=\"cell\">\n<div class=\"gallery-header\">\n<h3>Exhibition FRANK R\u00d6DEL-&#8220;Von Vulkanlandschaften &amp; Eiswelten&#8221;, K\u00d6PPE CONTEMPORARY, 2.12.2023\u201327.01.2024, Knausstr. 19 \u2022 14193 Berlin-Grunewald \u2022 galerie@villa-koeppe.de<\/h3>\n<\/p><\/div>\n<\/p><\/div>\n<\/p><\/div>\n<div class=\"grid-x grid-margin-x\">\n<div class=\"cell large-9 medium-12\">\n<div class=\"gallery-images gallery-6-items\" data-gallery=\"gallery_module_2197_10\">\n<div class=\"grid-x grid-margin-x large-up-3 medium-up-3 small-up-3\">\n<div class=\"cell\">\n<div class=\"gallery-image\" data-index=\"0\" data-gallery=\"gallery_module_2197_10\">\n                                        <img decoding=\"async\" src=\"https:\/\/www.frank-roedel.de\/wp-content\/uploads\/2023\/12\/Frank_Roedel-EINLADUNG-2-300x300.jpg\"><\/p>\n<div class=\"image-icon\"><\/div>\n<\/p><\/div>\n<\/p><\/div>\n<div class=\"cell\">\n<div class=\"gallery-image\" data-index=\"1\" data-gallery=\"gallery_module_2197_10\">\n                                        <img decoding=\"async\" src=\"https:\/\/www.frank-roedel.de\/wp-content\/uploads\/2023\/12\/Frank_Roedel-EINLADUNG-1-300x300.jpg\"><\/p>\n<div class=\"image-icon\"><\/div>\n<\/p><\/div>\n<\/p><\/div>\n<div class=\"cell\">\n<div class=\"gallery-image\" data-index=\"2\" data-gallery=\"gallery_module_2197_10\">\n                                        <img decoding=\"async\" src=\"https:\/\/www.frank-roedel.de\/wp-content\/uploads\/2023\/12\/BannerA0-FrankRoedel-PROOF3-scaled-300x300.jpg\"><\/p>\n<div class=\"image-icon\"><\/div>\n<\/p><\/div>\n<\/p><\/div>\n<div class=\"cell\">\n<div class=\"gallery-image\" data-index=\"3\" data-gallery=\"gallery_module_2197_10\">\n                                        <img decoding=\"async\" src=\"https:\/\/www.frank-roedel.de\/wp-content\/uploads\/2023\/12\/Frank-Roedel-Koeppe-Contemporary-Eroeffnung-1-300x300.jpg\"><\/p>\n<div class=\"image-icon\"><\/div>\n<\/p><\/div>\n<\/p><\/div>\n<div class=\"cell\">\n<div class=\"gallery-image\" data-index=\"4\" data-gallery=\"gallery_module_2197_10\">\n                                        <img decoding=\"async\" src=\"https:\/\/www.frank-roedel.de\/wp-content\/uploads\/2023\/12\/Frank-Roedel-Koeppe-Contemporary-Eroeffnung-4-300x300.jpg\"><\/p>\n<div class=\"image-icon\"><\/div>\n<\/p><\/div>\n<\/p><\/div>\n<div class=\"cell\">\n<div class=\"gallery-image\" data-index=\"5\" data-gallery=\"gallery_module_2197_10\">\n                                        <img decoding=\"async\" src=\"https:\/\/www.frank-roedel.de\/wp-content\/uploads\/2023\/12\/Frank-Roedel-Koeppe-Eroeffnung-3-scaled-300x300.jpg\"><\/p>\n<div class=\"image-icon\"><\/div>\n<\/p><\/div>\n<\/p><\/div>\n<\/p><\/div>\n<\/p><\/div>\n<\/p><\/div>\n<\/p><\/div>\n<\/p><\/div>\n<\/p><\/div>\n<p>      var gallery_module_2197_10 = [];<br \/>\n            gallery_module_2197_10.push({<br \/>\n        src: &#8216;https:\/\/www.frank-roedel.de\/wp-content\/uploads\/2023\/12\/Frank_Roedel-EINLADUNG-2-1600&#215;2123.jpg&#8217;,<br \/>\n        w: &#8216;1600&#8217;,<br \/>\n        h: &#8216;2123&#8217;<br \/>\n      });<br \/>\n            gallery_module_2197_10.push({<br \/>\n        src: &#8216;https:\/\/www.frank-roedel.de\/wp-content\/uploads\/2023\/12\/Frank_Roedel-EINLADUNG-1-1600&#215;2261.jpg&#8217;,<br \/>\n        w: &#8216;1600&#8217;,<br \/>\n        h: &#8216;2261&#8217;<br \/>\n      });<br \/>\n            gallery_module_2197_10.push({<br \/>\n        src: &#8216;https:\/\/www.frank-roedel.de\/wp-content\/uploads\/2023\/12\/BannerA0-FrankRoedel-PROOF3-scaled-1600&#215;2400.jpg&#8217;,<br \/>\n        w: &#8216;1600&#8217;,<br \/>\n        h: &#8216;2400&#8217;<br \/>\n      });<br \/>\n            gallery_module_2197_10.push({<br \/>\n        src: &#8216;https:\/\/www.frank-roedel.de\/wp-content\/uploads\/2023\/12\/Frank-Roedel-Koeppe-Contemporary-Eroeffnung-1-1600&#215;1200.jpg&#8217;,<br \/>\n        w: &#8216;1600&#8217;,<br \/>\n        h: &#8216;1200&#8217;<br \/>\n      });<br \/>\n            gallery_module_2197_10.push({<br \/>\n        src: &#8216;https:\/\/www.frank-roedel.de\/wp-content\/uploads\/2023\/12\/Frank-Roedel-Koeppe-Contemporary-Eroeffnung-4-1600&#215;726.jpg&#8217;,<br \/>\n        w: &#8216;1600&#8217;,<br \/>\n        h: &#8216;726&#8217;<br \/>\n      });<br \/>\n            gallery_module_2197_10.push({<br \/>\n        src: &#8216;https:\/\/www.frank-roedel.de\/wp-content\/uploads\/2023\/12\/Frank-Roedel-Koeppe-Eroeffnung-3-scaled-1600&#215;901.jpg&#8217;,<br \/>\n        w: &#8216;1600&#8217;,<br \/>\n        h: &#8216;901&#8217;<br \/>\n      });<\/p><\/div>\n<\/p><\/div>\n<\/section>\n<section id=\"\" class=\"section section--one\">\n<div class=\"section-container pt-default pb-default\">\n<div class=\"max-container\">\n<div class=\"grid-container\">\n<div class=\"grid-x grid-margin-x align-center\">\n<div class=\"cell medium-10\">\n<h2 class=\"hl hl--two hl--left hl--special mb--2\">\n                        Full-page article in the &#8220;FAZ&#8221; about my work on  Saturday February 4th, 2023!<br \/>\n                    <\/h2>\n<\/p><\/div>\n<\/p><\/div>\n<\/p><\/div>\n<\/p><\/div>\n<div class=\"max-container\">\n<div class=\"grid-container border-container bb--0    py--8\">\n<div class=\"grid-x align-center text-left\">\n<div class=\"cell medium-10\">\n<div class=\"grid-x\">\n<div class=\"cell medium-12 large-10\">\n<div class=\"toggle-text\">\n<p>Dear friends and friends of art,<\/p>\n<p>as a follow-up to the announcement of my new book<\/p>\n<p>&#8220;FRANK R\u00d6DEL &#8211; WHAT AWE!&#8221;<\/p>\n<p>I would like one gladly\u00a0full-page article in the &#8220;FAZ&#8221; about my work,\u00a0which was published on<br \/>\nSaturday February 4th, 2023.<\/p>\n<p><a href=\"https:\/\/www.frank-roedel.de\/wp-content\/uploads\/2023\/02\/FAZ_ARTIKEL_4.2.23_F2302041.z06.pdf\">FAZ_ARTIKEL_4.2.23_F2302041.z06<\/a><\/p>\n<p><img loading=\"lazy\" decoding=\"async\" class=\"alignnone size-medium wp-image-3466\" src=\"https:\/\/www.frank-roedel.de\/wp-content\/uploads\/2023\/02\/FAZ_ARTIKEL_4.2.23_F2302041-205x300.jpg\" alt=\"\" width=\"205\" height=\"300\" srcset=\"https:\/\/www.frank-roedel.de\/wp-content\/uploads\/2023\/02\/FAZ_ARTIKEL_4.2.23_F2302041-205x300.jpg 205w, https:\/\/www.frank-roedel.de\/wp-content\/uploads\/2023\/02\/FAZ_ARTIKEL_4.2.23_F2302041-700x1024.jpg 700w, https:\/\/www.frank-roedel.de\/wp-content\/uploads\/2023\/02\/FAZ_ARTIKEL_4.2.23_F2302041-768x1124.jpg 768w, https:\/\/www.frank-roedel.de\/wp-content\/uploads\/2023\/02\/FAZ_ARTIKEL_4.2.23_F2302041-1049x1536.jpg 1049w, https:\/\/www.frank-roedel.de\/wp-content\/uploads\/2023\/02\/FAZ_ARTIKEL_4.2.23_F2302041-1399x2048.jpg 1399w, https:\/\/www.frank-roedel.de\/wp-content\/uploads\/2023\/02\/FAZ_ARTIKEL_4.2.23_F2302041-scaled.jpg 1749w\" sizes=\"auto, (max-width: 205px) 100vw, 205px\" \/><\/p>\n<\/p><\/div>\n<\/p><\/div>\n<\/p><\/div>\n<\/p><\/div>\n<\/p><\/div>\n<\/p><\/div>\n<\/p><\/div>\n<\/p><\/div>\n<\/section>\n<section id=\"\" class=\"section section--one\">\n<div class=\"section-container pt-default pb-default\">\n<div class=\"max-container\">\n<div class=\"grid-container\">\n<div class=\"grid-x grid-margin-x align-center\">\n<div class=\"cell medium-10\">\n<h2 class=\"hl hl--two hl--left hl--special mb--2\">\n                        My new Book &#8220;FRANK ROEDEL-WHAT AWE&#8221; is published!<br \/>\n                    <\/h2>\n<\/p><\/div>\n<\/p><\/div>\n<\/p><\/div>\n<\/p><\/div>\n<div class=\"max-container\">\n<div class=\"grid-container border-container bb--0    py--8\">\n<div class=\"grid-x align-center text-left\">\n<div class=\"cell medium-10\">\n<div class=\"grid-x\">\n<div class=\"cell medium-12 large-10\">\n<div class=\"toggle-text\">\n<p>Dear friends and friends of art,<br \/>\nmy new book<\/p>\n<p>&#8220;FRANK R\u00d6DEL &#8211; WHAT AWE!&#8221;<\/p>\n<p>about my drone photography in Iceland and the paintings initiated by it is completed and<br \/>\npublished at &#8220;BLURB&#8221;:<br \/>\n.<br \/>\n<span style=\"color: #0000ff\">https:\/\/www.blurb.de\/b\/11330426-what-awe<\/span><br \/>\n.<br \/>\nIt can be found as a reduced (therefore somewhat limited)<br \/>\nPDF file for download for all interested parties under the following link:<\/p>\n<p><a href=\"https:\/\/www.dropbox.com\/sh\/lht2x3hko43encw\/AADPM5x-ieivT9rTUu6S2Bqea?dl=0\"><span style=\"color: #3366ff\">https:\/\/www.dropbox.com\/sh\/lht2x3hko43encw\/AADPM5x-ieivT9rTUu6S2Bqea?dl=0<\/span><\/a><\/p>\n<p><span style=\"color: #993300\">.HOW TO VIEW THE BOOK CORRECTLY:<\/span><br \/>\n<span style=\"color: #993300\">If possible, open the PDF in Acrobat Reader!<\/span><br \/>\n<span style=\"color: #993300\">-Go to &#8220;Page View&#8221; in the &#8220;View&#8221; menu at the top and click &#8220;Two Page View&#8221;.<\/span><br \/>\n<span style=\"color: #993300\">-Then go to &#8220;Page Display&#8221; in the &#8220;View&#8221; menu again and<\/span><br \/>\n<span style=\"color: #993300\">Click on &#8220;Show cover sheet in two-page view&#8221; (otherwise the wrong page sequence will appear).<\/span><\/p>\n<p><img loading=\"lazy\" decoding=\"async\" class=\"alignnone size-medium wp-image-3482\" src=\"https:\/\/www.frank-roedel.de\/wp-content\/uploads\/2023\/02\/Bildschirm\u00adfoto-2023-02-14-um-16.03.17-300x254.png\" alt=\"\" width=\"300\" height=\"254\" srcset=\"https:\/\/www.frank-roedel.de\/wp-content\/uploads\/2023\/02\/Bildschirm\u00adfoto-2023-02-14-um-16.03.17-300x254.png 300w, https:\/\/www.frank-roedel.de\/wp-content\/uploads\/2023\/02\/Bildschirm\u00adfoto-2023-02-14-um-16.03.17-768x651.png 768w, https:\/\/www.frank-roedel.de\/wp-content\/uploads\/2023\/02\/Bildschirm\u00adfoto-2023-02-14-um-16.03.17.png 934w\" sizes=\"auto, (max-width: 300px) 100vw, 300px\" \/><\/p>\n<\/p><\/div>\n<div class=\"cta cta--one\">\n                                <a href=\"https:\/\/www.dropbox.com\/sh\/lht2x3hko43encw\/AADPM5x-ieivT9rTUu6S2Bqea?dl=0\" class=\"text-link text-link--arrow\">book-PDF<\/a>\n                            <\/div>\n<\/p><\/div>\n<\/p><\/div>\n<\/p><\/div>\n<\/p><\/div>\n<\/p><\/div>\n<\/p><\/div>\n<\/p><\/div>\n<\/section>\n<section id=\"\" class=\"section section--one\">\n<div class=\"section-container pt-default pb-default\">\n<div class=\"max-container\">\n<div class=\"grid-container\">\n<div class=\"gallery-wrap\">\n<div class=\"grid-x\">\n<div class=\"cell\">\n<div class=\"gallery-header\">\n<h3>participation on SWiSS ART EXPO &#8211; Z\u00fcrich 4.0, 2022<\/h3>\n<\/p><\/div>\n<\/p><\/div>\n<\/p><\/div>\n<div class=\"grid-x grid-margin-x\">\n<div class=\"cell large-9 medium-12\">\n<div class=\"gallery-images gallery-2-items\" data-gallery=\"gallery_module_2197_7\">\n<div class=\"grid-x grid-margin-x large-up-4 medium-up-4 small-up-3\">\n<div class=\"cell\">\n<div class=\"gallery-image\" data-index=\"0\" data-gallery=\"gallery_module_2197_7\">\n                                        <img decoding=\"async\" src=\"https:\/\/www.frank-roedel.de\/wp-content\/uploads\/2022\/07\/Social_Ein-kalter-Tag_TmIaohSb2B9OdtuD1xCu-300x300.jpeg\"><\/p>\n<div class=\"image-icon\"><\/div>\n<\/p><\/div>\n<\/p><\/div>\n<div class=\"cell\">\n<div class=\"gallery-image\" data-index=\"1\" data-gallery=\"gallery_module_2197_7\">\n                                        <img decoding=\"async\" src=\"https:\/\/www.frank-roedel.de\/wp-content\/uploads\/2022\/07\/Social_Eine-Welle-trifft-das-Lavafeld_9i9kEa3rYyCqz7g0EECg-300x300.jpeg\"><\/p>\n<div class=\"image-icon\"><\/div>\n<\/p><\/div>\n<\/p><\/div>\n<\/p><\/div>\n<\/p><\/div>\n<\/p><\/div>\n<\/p><\/div>\n<\/p><\/div>\n<\/p><\/div>\n<p>      var gallery_module_2197_7 = [];<br \/>\n            gallery_module_2197_7.push({<br \/>\n        src: &#8216;https:\/\/www.frank-roedel.de\/wp-content\/uploads\/2022\/07\/Social_Ein-kalter-Tag_TmIaohSb2B9OdtuD1xCu-1600&#215;1600.jpeg&#8217;,<br \/>\n        w: &#8216;1600&#8217;,<br \/>\n        h: &#8216;1600&#8217;<br \/>\n      });<br \/>\n            gallery_module_2197_7.push({<br \/>\n        src: &#8216;https:\/\/www.frank-roedel.de\/wp-content\/uploads\/2022\/07\/Social_Eine-Welle-trifft-das-Lavafeld_9i9kEa3rYyCqz7g0EECg-1600&#215;1600.jpeg&#8217;,<br \/>\n        w: &#8216;1600&#8217;,<br \/>\n        h: &#8216;1600&#8217;<br \/>\n      });<\/p><\/div>\n<\/p><\/div>\n<\/section>\n<section id=\"\" class=\"section section--one\">\n<div class=\"section-container pt-default pb-default\">\n<div class=\"max-container\">\n<div class=\"grid-container border-container bb--0    py--8\">\n<div class=\"grid-x align-center text-left\">\n<div class=\"cell medium-10\">\n<div class=\"grid-x\">\n<div class=\"cell medium-12 large-10\">\n<div class=\"toggle-text\">\n<p><img loading=\"lazy\" decoding=\"async\" class=\"wp-image-3189\" src=\"https:\/\/www.frank-roedel.de\/wp-content\/uploads\/2022\/04\/IMG_7992-300x169.jpg\" alt=\"\" width=\"530\" height=\"299\" srcset=\"https:\/\/www.frank-roedel.de\/wp-content\/uploads\/2022\/04\/IMG_7992-300x169.jpg 300w, https:\/\/www.frank-roedel.de\/wp-content\/uploads\/2022\/04\/IMG_7992-1024x576.jpg 1024w, https:\/\/www.frank-roedel.de\/wp-content\/uploads\/2022\/04\/IMG_7992-768x432.jpg 768w, https:\/\/www.frank-roedel.de\/wp-content\/uploads\/2022\/04\/IMG_7992-1536x864.jpg 1536w, https:\/\/www.frank-roedel.de\/wp-content\/uploads\/2022\/04\/IMG_7992-2048x1152.jpg 2048w\" sizes=\"auto, (max-width: 530px) 100vw, 530px\" \/><\/p>\n<p><strong>OPEN STUDIO ON MAY 7 AND 8<\/strong><\/p>\n<p>Dear friends and friends of art,<\/p>\n<p>Like every year in May, the artists in Brandenburg open their studios.<br \/>\nThis year I am joining this tradition for the first time.<\/p>\n<p>On the weekend of May 7th and 8th the time has come.<br \/>\nSaturday, 2 p.m. to 7 p.m. and Sunday, 11 a.m. to 6 p.m<\/p>\n<p>Atelier Frank Rodel<br \/>\nStolper Strasse 44 (access from Spandauer Strasse!)<br \/>\nD-16548 Glienicke\/Nordbahn<br \/>\nGermany<\/p>\n<p>I look forward to meeting you again after the low-contact period!<\/p>\n<\/p><\/div>\n<\/p><\/div>\n<\/p><\/div>\n<\/p><\/div>\n<\/p><\/div>\n<\/p><\/div>\n<\/p><\/div>\n<\/p><\/div>\n<\/section>\n<section id=\"\" class=\"section section--one\">\n<div class=\"section-container pt-default pb-none\">\n<div class=\"max-container\">\n<div class=\"grid-container\">\n<div class=\"grid-x grid-margin-x align-center\">\n<div class=\"cell medium-10\">\n<h2 class=\"hl hl--two hl--left hl--special mb--2\">\n                        Berlin, den 17. M\u00e4rz 2021<br \/>\n                    <\/h2>\n<\/p><\/div>\n<\/p><\/div>\n<\/p><\/div>\n<\/p><\/div>\n<div class=\"max-container\">\n<div class=\"grid-container border-container bb--0    py--8\">\n<div class=\"grid-x align-center text-left\">\n<div class=\"cell medium-10\">\n<div class=\"grid-x\">\n<div class=\"cell medium-12 large-10\">\n<div class=\"toggle-text\">\n<p><strong>\u201cFRANK R\u00d6DEL-DOCUMENTATION OF A LIFE VIEW\u201d<\/strong><br \/>\n\u201c900ceconds Production\u201d, based in Munich and Berlin, is currently shooting a documentary for television about my work in the studio and while traveling.<br \/>\nAt the VIDEO &#8211; folder is a series of short previews made by the company.<\/p>\n<table style=\"border-collapse: collapse;width: 100.16750418760469%;height: 218px\">\n<tbody>\n<tr>\n<td style=\"width: 50%\"><\/td>\n<td style=\"width: 50%\"><\/td>\n<\/tr>\n<tr>\n<td style=\"width: 50%\"><\/td>\n<td style=\"width: 50%\"><\/td>\n<\/tr>\n<\/tbody>\n<\/table><\/div>\n<\/p><\/div>\n<\/p><\/div>\n<\/p><\/div>\n<\/p><\/div>\n<\/p><\/div>\n<\/p><\/div>\n<\/p><\/div>\n<\/section>\n<section id=\"\" class=\"section section--one\">\n<div class=\"section-container pt-none pb-default\">\n<div class=\"max-container\">\n<div class=\"grid-container\">\n<div class=\"grid-x grid-margin-x align-center\">\n<div class=\"cell medium-10\">\n<h2 class=\"hl hl--two hl--left hl--special mb--2\">\n                        15.Mai 2021<br \/>\n                    <\/h2>\n<\/p><\/div>\n<\/p><\/div>\n<\/p><\/div>\n<\/p><\/div>\n<div class=\"max-container\">\n<div class=\"grid-container border-container bb--0    py--8\">\n<div class=\"grid-x align-center text-left\">\n<div class=\"cell medium-10\">\n<div class=\"grid-x\">\n<div class=\"cell medium-12 large-10\">\n<div class=\"toggle-text\">\n<p>I left for Sweden just like last year at this time.<br \/>\nIt will be two months again this year. The film team could not come because of the COVID issue and the resulting quarantine when returning from Germany.<br \/>\nSo I drove alone and take all my camera equipment, drone and everything else you need for photography and film with me to make my own contribution to the planned documentary.<br \/>\nThe rest will then be shot in Germany. I&#8217;m happy for that!<\/p>\n\n<p>Flugstr\u00f6men\/ Harasj\u00f6m\u00e5la, Olofstr\u00f6m<\/p>\n<p><img loading=\"lazy\" decoding=\"async\" class=\"alignnone wp-image-2088\" src=\"https:\/\/www.frank-roedel.de\/wp-content\/uploads\/2021\/06\/IMG_5454-300x225.jpg\" alt=\"\" width=\"440\" height=\"330\" srcset=\"https:\/\/www.frank-roedel.de\/wp-content\/uploads\/2021\/06\/IMG_5454-300x225.jpg 300w, https:\/\/www.frank-roedel.de\/wp-content\/uploads\/2021\/06\/IMG_5454-1024x768.jpg 1024w, https:\/\/www.frank-roedel.de\/wp-content\/uploads\/2021\/06\/IMG_5454-768x576.jpg 768w, https:\/\/www.frank-roedel.de\/wp-content\/uploads\/2021\/06\/IMG_5454-1536x1152.jpg 1536w, https:\/\/www.frank-roedel.de\/wp-content\/uploads\/2021\/06\/IMG_5454-2048x1536.jpg 2048w\" sizes=\"auto, (max-width: 440px) 100vw, 440px\" \/><\/p>\n<p>Gotland \/ Far\u00f6<\/p>\n<\/p><\/div>\n<\/p><\/div>\n<\/p><\/div>\n<\/p><\/div>\n<\/p><\/div>\n<\/p><\/div>\n<\/p><\/div>\n<\/p><\/div>\n<\/section>\n","protected":false},"excerpt":{"rendered":"<p>The winter exhibition at Galerie WOS in Zurich from November 27, 2025, to February 19, 2026 \u00a0 With great interest and lively discussion at the winter exhibition at Galerie WOS in Zurich (from November 27, 2025, to February 19, 2026), featuring a representative selection of my paintings in the very best company of artists such [&hellip;]<\/p>\n","protected":false},"author":1,"featured_media":0,"parent":0,"menu_order":6,"comment_status":"closed","ping_status":"closed","template":"","meta":[],"class_list":["post-2197","page","type-page","status-publish","hentry"],"yoast_head":"<!-- This site is optimized with the Yoast SEO plugin v27.5 - https:\/\/yoast.com\/product\/yoast-seo-wordpress\/ -->\n<title>NEWS - Frank R\u00f6del<\/title>\n<meta name=\"robots\" content=\"index, follow, max-snippet:-1, max-image-preview:large, max-video-preview:-1\" \/>\n<link rel=\"canonical\" href=\"https:\/\/www.frank-roedel.de\/en\/news\/\" \/>\n<meta property=\"og:locale\" content=\"en_US\" \/>\n<meta property=\"og:type\" content=\"article\" \/>\n<meta property=\"og:title\" content=\"NEWS - Frank R\u00f6del\" \/>\n<meta property=\"og:description\" content=\"The winter exhibition at Galerie WOS in Zurich from November 27, 2025, to February 19, 2026 \u00a0 With great interest and lively discussion at the winter exhibition at Galerie WOS in Zurich (from November 27, 2025, to February 19, 2026), featuring a representative selection of my paintings in the very best company of artists such [&hellip;]\" \/>\n<meta property=\"og:url\" content=\"https:\/\/www.frank-roedel.de\/en\/news\/\" \/>\n<meta property=\"og:site_name\" content=\"Frank R\u00f6del\" \/>\n<meta property=\"article:modified_time\" content=\"2026-02-09T05:55:30+00:00\" \/>\n<meta property=\"og:image\" content=\"https:\/\/www.frank-roedel.de\/wp-content\/uploads\/2026\/02\/Einladung-verkuerzt-1-300x300.jpg\" \/>\n<meta name=\"twitter:card\" content=\"summary_large_image\" \/>\n<meta name=\"twitter:label1\" content=\"Est. reading time\" \/>\n\t<meta name=\"twitter:data1\" content=\"5 minutes\" \/>\n<script type=\"application\/ld+json\" class=\"yoast-schema-graph\">{\"@context\":\"https:\\\/\\\/schema.org\",\"@graph\":[{\"@type\":\"WebPage\",\"@id\":\"https:\\\/\\\/www.frank-roedel.de\\\/en\\\/news\\\/\",\"url\":\"https:\\\/\\\/www.frank-roedel.de\\\/en\\\/news\\\/\",\"name\":\"NEWS - Frank R\u00f6del\",\"isPartOf\":{\"@id\":\"https:\\\/\\\/www.frank-roedel.de\\\/en\\\/#website\"},\"primaryImageOfPage\":{\"@id\":\"https:\\\/\\\/www.frank-roedel.de\\\/en\\\/news\\\/#primaryimage\"},\"image\":{\"@id\":\"https:\\\/\\\/www.frank-roedel.de\\\/en\\\/news\\\/#primaryimage\"},\"thumbnailUrl\":\"https:\\\/\\\/www.frank-roedel.de\\\/wp-content\\\/uploads\\\/2026\\\/02\\\/Einladung-verkuerzt-1-300x300.jpg\",\"datePublished\":\"2023-04-08T19:17:38+00:00\",\"dateModified\":\"2026-02-09T05:55:30+00:00\",\"breadcrumb\":{\"@id\":\"https:\\\/\\\/www.frank-roedel.de\\\/en\\\/news\\\/#breadcrumb\"},\"inLanguage\":\"en-US\",\"potentialAction\":[{\"@type\":\"ReadAction\",\"target\":[\"https:\\\/\\\/www.frank-roedel.de\\\/en\\\/news\\\/\"]}]},{\"@type\":\"ImageObject\",\"inLanguage\":\"en-US\",\"@id\":\"https:\\\/\\\/www.frank-roedel.de\\\/en\\\/news\\\/#primaryimage\",\"url\":\"https:\\\/\\\/www.frank-roedel.de\\\/wp-content\\\/uploads\\\/2026\\\/02\\\/Einladung-verkuerzt-1-300x300.jpg\",\"contentUrl\":\"https:\\\/\\\/www.frank-roedel.de\\\/wp-content\\\/uploads\\\/2026\\\/02\\\/Einladung-verkuerzt-1-300x300.jpg\"},{\"@type\":\"BreadcrumbList\",\"@id\":\"https:\\\/\\\/www.frank-roedel.de\\\/en\\\/news\\\/#breadcrumb\",\"itemListElement\":[{\"@type\":\"ListItem\",\"position\":1,\"name\":\"Startseite\",\"item\":\"https:\\\/\\\/www.frank-roedel.de\\\/en\\\/\"},{\"@type\":\"ListItem\",\"position\":2,\"name\":\"NEWS\"}]},{\"@type\":\"WebSite\",\"@id\":\"https:\\\/\\\/www.frank-roedel.de\\\/en\\\/#website\",\"url\":\"https:\\\/\\\/www.frank-roedel.de\\\/en\\\/\",\"name\":\"Frank R\u00f6del\",\"description\":\"\",\"potentialAction\":[{\"@type\":\"SearchAction\",\"target\":{\"@type\":\"EntryPoint\",\"urlTemplate\":\"https:\\\/\\\/www.frank-roedel.de\\\/en\\\/?s={search_term_string}\"},\"query-input\":{\"@type\":\"PropertyValueSpecification\",\"valueRequired\":true,\"valueName\":\"search_term_string\"}}],\"inLanguage\":\"en-US\"}]}<\/script>\n<!-- \/ Yoast SEO plugin. -->","yoast_head_json":{"title":"NEWS - Frank R\u00f6del","robots":{"index":"index","follow":"follow","max-snippet":"max-snippet:-1","max-image-preview":"max-image-preview:large","max-video-preview":"max-video-preview:-1"},"canonical":"https:\/\/www.frank-roedel.de\/en\/news\/","og_locale":"en_US","og_type":"article","og_title":"NEWS - Frank R\u00f6del","og_description":"The winter exhibition at Galerie WOS in Zurich from November 27, 2025, to February 19, 2026 \u00a0 With great interest and lively discussion at the winter exhibition at Galerie WOS in Zurich (from November 27, 2025, to February 19, 2026), featuring a representative selection of my paintings in the very best company of artists such [&hellip;]","og_url":"https:\/\/www.frank-roedel.de\/en\/news\/","og_site_name":"Frank R\u00f6del","article_modified_time":"2026-02-09T05:55:30+00:00","og_image":[{"url":"https:\/\/www.frank-roedel.de\/wp-content\/uploads\/2026\/02\/Einladung-verkuerzt-1-300x300.jpg","type":"","width":"","height":""}],"twitter_card":"summary_large_image","twitter_misc":{"Est. reading time":"5 minutes"},"schema":{"@context":"https:\/\/schema.org","@graph":[{"@type":"WebPage","@id":"https:\/\/www.frank-roedel.de\/en\/news\/","url":"https:\/\/www.frank-roedel.de\/en\/news\/","name":"NEWS - Frank R\u00f6del","isPartOf":{"@id":"https:\/\/www.frank-roedel.de\/en\/#website"},"primaryImageOfPage":{"@id":"https:\/\/www.frank-roedel.de\/en\/news\/#primaryimage"},"image":{"@id":"https:\/\/www.frank-roedel.de\/en\/news\/#primaryimage"},"thumbnailUrl":"https:\/\/www.frank-roedel.de\/wp-content\/uploads\/2026\/02\/Einladung-verkuerzt-1-300x300.jpg","datePublished":"2023-04-08T19:17:38+00:00","dateModified":"2026-02-09T05:55:30+00:00","breadcrumb":{"@id":"https:\/\/www.frank-roedel.de\/en\/news\/#breadcrumb"},"inLanguage":"en-US","potentialAction":[{"@type":"ReadAction","target":["https:\/\/www.frank-roedel.de\/en\/news\/"]}]},{"@type":"ImageObject","inLanguage":"en-US","@id":"https:\/\/www.frank-roedel.de\/en\/news\/#primaryimage","url":"https:\/\/www.frank-roedel.de\/wp-content\/uploads\/2026\/02\/Einladung-verkuerzt-1-300x300.jpg","contentUrl":"https:\/\/www.frank-roedel.de\/wp-content\/uploads\/2026\/02\/Einladung-verkuerzt-1-300x300.jpg"},{"@type":"BreadcrumbList","@id":"https:\/\/www.frank-roedel.de\/en\/news\/#breadcrumb","itemListElement":[{"@type":"ListItem","position":1,"name":"Startseite","item":"https:\/\/www.frank-roedel.de\/en\/"},{"@type":"ListItem","position":2,"name":"NEWS"}]},{"@type":"WebSite","@id":"https:\/\/www.frank-roedel.de\/en\/#website","url":"https:\/\/www.frank-roedel.de\/en\/","name":"Frank R\u00f6del","description":"","potentialAction":[{"@type":"SearchAction","target":{"@type":"EntryPoint","urlTemplate":"https:\/\/www.frank-roedel.de\/en\/?s={search_term_string}"},"query-input":{"@type":"PropertyValueSpecification","valueRequired":true,"valueName":"search_term_string"}}],"inLanguage":"en-US"}]}},"_links":{"self":[{"href":"https:\/\/www.frank-roedel.de\/en\/wp-json\/wp\/v2\/pages\/2197","targetHints":{"allow":["GET"]}}],"collection":[{"href":"https:\/\/www.frank-roedel.de\/en\/wp-json\/wp\/v2\/pages"}],"about":[{"href":"https:\/\/www.frank-roedel.de\/en\/wp-json\/wp\/v2\/types\/page"}],"author":[{"embeddable":true,"href":"https:\/\/www.frank-roedel.de\/en\/wp-json\/wp\/v2\/users\/1"}],"replies":[{"embeddable":true,"href":"https:\/\/www.frank-roedel.de\/en\/wp-json\/wp\/v2\/comments?post=2197"}],"version-history":[{"count":64,"href":"https:\/\/www.frank-roedel.de\/en\/wp-json\/wp\/v2\/pages\/2197\/revisions"}],"predecessor-version":[{"id":4273,"href":"https:\/\/www.frank-roedel.de\/en\/wp-json\/wp\/v2\/pages\/2197\/revisions\/4273"}],"wp:attachment":[{"href":"https:\/\/www.frank-roedel.de\/en\/wp-json\/wp\/v2\/media?parent=2197"}],"curies":[{"name":"wp","href":"https:\/\/api.w.org\/{rel}","templated":true}]}}